{"id":9564,"date":"2023-01-26T10:07:16","date_gmt":"2023-01-26T09:07:16","guid":{"rendered":"https:\/\/www.erdvital.ch\/mentions-legales\/"},"modified":"2026-08-24T14:39:28","modified_gmt":"2026-08-24T12:39:28","slug":"mentions-legales","status":"publish","type":"page","link":"https:\/\/www.erdvital.ch\/fr\/mentions-legales\/","title":{"rendered":"Mentions l\u00e9gales"},"content":{"rendered":"\t\t<div data-elementor-type=\"wp-page\" data-elementor-id=\"9564\" class=\"elementor elementor-9564 elementor-1989\" data-elementor-post-type=\"page\">\n\t\t\t\t<div class=\"elementor-element elementor-element-3895b54 e-flex e-con-boxed e-con e-parent\" data-id=\"3895b54\" data-element_type=\"container\" data-e-type=\"container\" data-settings=\"{&quot;background_background&quot;:&quot;classic&quot;}\">\n\t\t\t\t\t<div class=\"e-con-inner\">\n\t\t<div class=\"elementor-element elementor-element-4edd4f6 e-con-full e-flex e-con e-child\" data-id=\"4edd4f6\" data-element_type=\"container\" data-e-type=\"container\" data-settings=\"{&quot;background_background&quot;:&quot;classic&quot;}\">\n\t\t\t\t<div class=\"elementor-element elementor-element-bc16419 elementor-widget elementor-widget-heading\" data-id=\"bc16419\" data-element_type=\"widget\" data-e-type=\"widget\" data-widget_type=\"heading.default\">\n\t\t\t\t\t<h2 class=\"elementor-heading-title elementor-size-default\">ErdVital Scherer<\/h2>\t\t\t\t<\/div>\n\t\t\t\t<div class=\"elementor-element elementor-element-c44ebc6 elementor-widget elementor-widget-heading\" data-id=\"c44ebc6\" data-element_type=\"widget\" data-e-type=\"widget\" data-widget_type=\"heading.default\">\n\t\t\t\t\t<h1 class=\"elementor-heading-title elementor-size-default\">Mentions l\u00e9gales<\/h1>\t\t\t\t<\/div>\n\t\t\t\t<\/div>\n\t\t\t\t\t<\/div>\n\t\t\t\t<\/div>\n\t\t<div class=\"elementor-element elementor-element-4f28d8e e-flex e-con-boxed e-con e-parent\" data-id=\"4f28d8e\" data-element_type=\"container\" data-e-type=\"container\" data-settings=\"{&quot;background_background&quot;:&quot;classic&quot;}\">\n\t\t\t\t\t<div class=\"e-con-inner\">\n\t\t<div class=\"elementor-element elementor-element-8ba5001 e-con-full e-flex e-con e-child\" data-id=\"8ba5001\" data-element_type=\"container\" data-e-type=\"container\">\n\t\t<div class=\"elementor-element elementor-element-bf38d01 e-con-full e-flex e-con e-child\" data-id=\"bf38d01\" data-element_type=\"container\" data-e-type=\"container\">\n\t\t<div class=\"elementor-element elementor-element-b6082a4 e-con-full e-flex e-con e-child\" data-id=\"b6082a4\" data-element_type=\"container\" data-e-type=\"container\">\n\t\t\t\t<div class=\"elementor-element elementor-element-f81428f elementor-widget elementor-widget-text-editor\" data-id=\"f81428f\" data-element_type=\"widget\" data-e-type=\"widget\" data-widget_type=\"text-editor.default\">\n\t\t\t\t\t\t\t\t\t<h4>Coordonn\u00e9es<\/h4><p><strong>ErdVital<br \/>Propri\u00e9taire : Daniela Scherer<br \/><\/strong>Lanzacker 6<br \/>6286 Altwis<br \/>Suisse<\/p><p>T\u00e9l\u00e9phone : <a href=\"tel:+41419175522\">079 271 55 22<\/a><br \/>ou <a href=\"tel:+41799133336\">079 913 33 36<\/a><\/p><p>E-mail : <a href=\"mailto:info@erdvital.ch\">info@erdvital.ch<\/a><\/p><h4>Personnes habilit\u00e9es \u00e0 repr\u00e9senter la soci\u00e9t\u00e9<\/h4><p>Daniela Scherer, directrice g\u00e9n\u00e9rale<\/p><h4>inscription au registre du commerce<\/h4><p>Entreprise individuelle non enregistr\u00e9e<br \/>ErdVital n&rsquo;est pas assujettie \u00e0 la TVA<\/p><h4>R\u00e9alisation de sites web<\/h4><p>Conseil, conception technique, design, programmation et h\u00e9bergement de ce site web :<\/p><p>Agence web aretis\u00ae<br \/>Bundesplatz 10<br \/>6003 Lucerne<br \/>T\u00e9l. +41 41 227 20 40<\/p><p><a href=\"https:\/\/www.aretis.ch\/leistungen\/webdesign-luzern\/\">aretis\u00ae Agence web et conception de sites web<\/a><\/p><h4>S\u00e9ance photo<\/h4><p>Photos prises lors de la s\u00e9ance photo et r\u00e9alisation du film :<\/p><p><a href=\"https:\/\/www.grether-photography.com\" target=\"_blank\" rel=\"noopener\">Laurin Grether Photography \u2013 Photographe sp\u00e9cialis\u00e9 dans la photographie d&rsquo;entreprise et les portraits<\/a><\/p>\t\t\t\t\t\t\t\t<\/div>\n\t\t\t\t<\/div>\n\t\t<div class=\"elementor-element elementor-element-21145ea e-con-full e-flex e-con e-child\" data-id=\"21145ea\" data-element_type=\"container\" data-e-type=\"container\">\n\t\t\t\t<div class=\"elementor-element elementor-element-9e53b29 elementor-widget elementor-widget-text-editor\" data-id=\"9e53b29\" data-element_type=\"widget\" data-e-type=\"widget\" data-widget_type=\"text-editor.default\">\n\t\t\t\t\t\t\t\t\t<h4>Clause de non-responsabilit\u00e9<\/h4><p>L&rsquo;auteur d\u00e9cline toute responsabilit\u00e9 quant \u00e0 l&rsquo;exactitude, la pr\u00e9cision, l&rsquo;actualit\u00e9, la fiabilit\u00e9 et l&rsquo;exhaustivit\u00e9 des informations fournies. Toute responsabilit\u00e9 de l\u2019auteur est exclue en cas de pr\u00e9judices mat\u00e9riels ou immat\u00e9riels r\u00e9sultant de l\u2019acc\u00e8s, de l\u2019utilisation ou de la non-utilisation des informations publi\u00e9es, d\u2019une utilisation abusive de la connexion ou de d\u00e9faillances techniques. Toutes les offres sont sans engagement. L\u2019auteur se r\u00e9serve express\u00e9ment le droit de modifier, de compl\u00e9ter ou de supprimer tout ou partie des pages ou de l\u2019ensemble de l\u2019offre sans pr\u00e9avis, ou d\u2019en suspendre la publication de mani\u00e8re temporaire ou d\u00e9finitive.   <\/p><h4>Responsabilit\u00e9 relative aux liens<\/h4><p>Les r\u00e9f\u00e9rences et les liens vers des sites web tiers ne rel\u00e8vent pas de notre responsabilit\u00e9. Nous d\u00e9clinons toute responsabilit\u00e9 concernant ces sites web. L&rsquo;acc\u00e8s \u00e0 ces sites web et leur utilisation se font aux risques et p\u00e9rils de l&rsquo;utilisateur ou de l&rsquo;utilisatrice. <\/p><h4>Droits d&rsquo;auteur<\/h4><p>Les droits d&rsquo;auteur et tous les autres droits relatifs aux contenus, images, photos ou autres fichiers figurant sur le site web appartiennent exclusivement \u00e0 ErdVital Scherer ou aux titulaires des droits express\u00e9ment mentionn\u00e9s. Toute reproduction d&rsquo;un \u00e9l\u00e9ment quelconque n\u00e9cessite l&rsquo;accord \u00e9crit pr\u00e9alable des titulaires des droits d&rsquo;auteur. <\/p><h4>Protection des donn\u00e9es<\/h4><p>ErdVital Scherer respecte la loi en vigueur sur la protection des donn\u00e9es. Veuillez consulter \u00e0 ce sujet notre <a href=\"https:\/\/www.erdvital.ch\/datenschutz\/\">politique de confidentialit\u00e9 -&gt;<\/a> <\/p>\t\t\t\t\t\t\t\t<\/div>\n\t\t\t\t<\/div>\n\t\t\t\t<\/div>\n\t\t\t\t<\/div>\n\t\t\t\t\t<\/div>\n\t\t\t\t<\/div>\n\t\t\t\t<\/div>\n\t\t","protected":false},"excerpt":{"rendered":"<p>ErdVital Scherer Mentions l\u00e9gales Coordonn\u00e9es ErdVitalPropri\u00e9taire : Daniela SchererLanzacker 66286 AltwisSuisse T\u00e9l\u00e9phone : 079 271 55 22ou 079 913 33 36 E-mail : info@erdvital.ch Personnes habilit\u00e9es \u00e0 repr\u00e9senter la soci\u00e9t\u00e9 Daniela Scherer, directrice g\u00e9n\u00e9rale inscription au registre du commerce Entreprise individuelle non enregistr\u00e9eErdVital n&rsquo;est pas assujettie \u00e0 la TVA R\u00e9alisation de sites web Conseil, conception [&hellip;]<\/p>\n","protected":false},"author":1,"featured_media":0,"parent":0,"menu_order":9,"comment_status":"closed","ping_status":"closed","template":"","meta":{"_seopress_titles_title":"","_seopress_titles_desc":"","_seopress_robots_index":"","_seopress_robots_follow":"","_seopress_robots_imageindex":"","_seopress_robots_snippet":"","_seopress_robots_primary_cat":"","_seopress_robots_breadcrumbs":"","_seopress_robots_freeze_modified_date":"","_seopress_robots_custom_modified_date":"","_seopress_robots_canonical":"","_seopress_social_fb_title":"","_seopress_social_fb_desc":"","_seopress_social_fb_img":"","_seopress_social_fb_img_attachment_id":0,"_seopress_social_fb_img_width":0,"_seopress_social_fb_img_height":0,"_seopress_social_twitter_title":"","_seopress_social_twitter_desc":"","_seopress_social_twitter_img":"","_seopress_social_twitter_img_attachment_id":0,"_seopress_social_twitter_img_width":0,"_seopress_social_twitter_img_height":0,"_seopress_redirections_value":"","_seopress_redirections_enabled":"","_seopress_redirections_enabled_regex":"","_seopress_redirections_logged_status":"","_seopress_redirections_param":"","_seopress_redirections_type":0,"_seopress_analysis_target_kw":"","_seopress_news_disabled":"","_seopress_video_disabled":"","_seopress_video":[],"_seopress_pro_schemas_manual":[],"_seopress_pro_rich_snippets_disable_all":"","_seopress_pro_rich_snippets_disable":[],"_seopress_pro_schemas":[],"footnotes":"","_members_access_role":[],"_members_access_error":""},"folder":[],"class_list":["post-9564","page","type-page","status-publish","hentry"],"_links":{"self":[{"href":"https:\/\/www.erdvital.ch\/fr\/wp-json\/wp\/v2\/pages\/9564","targetHints":{"allow":["GET"]}}],"collection":[{"href":"https:\/\/www.erdvital.ch\/fr\/wp-json\/wp\/v2\/pages"}],"about":[{"href":"https:\/\/www.erdvital.ch\/fr\/wp-json\/wp\/v2\/types\/page"}],"author":[{"embeddable":true,"href":"https:\/\/www.erdvital.ch\/fr\/wp-json\/wp\/v2\/users\/1"}],"replies":[{"embeddable":true,"href":"https:\/\/www.erdvital.ch\/fr\/wp-json\/wp\/v2\/comments?post=9564"}],"version-history":[{"count":1,"href":"https:\/\/www.erdvital.ch\/fr\/wp-json\/wp\/v2\/pages\/9564\/revisions"}],"predecessor-version":[{"id":9565,"href":"https:\/\/www.erdvital.ch\/fr\/wp-json\/wp\/v2\/pages\/9564\/revisions\/9565"}],"wp:attachment":[{"href":"https:\/\/www.erdvital.ch\/fr\/wp-json\/wp\/v2\/media?parent=9564"}],"wp:term":[{"taxonomy":"folder","embeddable":true,"href":"https:\/\/www.erdvital.ch\/fr\/wp-json\/wp\/v2\/folder?post=9564"}],"curies":[{"name":"wp","href":"https:\/\/api.w.org\/{rel}","templated":true}]}}